{"id":206,"date":"2026-02-25T16:41:43","date_gmt":"2026-02-25T16:41:43","guid":{"rendered":"https:\/\/berrelhas.pt\/berrelhas\/?post_type=aviso&#038;p=206"},"modified":"2026-02-25T16:41:43","modified_gmt":"2026-02-25T16:41:43","slug":"alteracoes-de-horarios","status":"publish","type":"aviso","link":"https:\/\/berrelhas.pt\/berrelhas\/en\/aviso\/alteracoes-de-horarios\/","title":{"rendered":"Altera\u00e7\u00f5es de Hor\u00e1rios"},"content":{"rendered":"<p>A partir do <strong>dia 01 de Mar\u00e7o de 2026<\/strong>,os hor\u00e1rios da \u00a0MUV ir\u00e3o <strong>sofrer altera\u00e7\u00f5es<\/strong>, nomeadamente as seguintes linhas:<\/p>\n<ul>\n<li>Linha 2<\/li>\n<li>Linha 4-I e 4-II<\/li>\n<li>Linha 5<\/li>\n<li>Linha 6<\/li>\n<li>Linha 7<\/li>\n<li>Linha 12<\/li>\n<li>Linha 14<\/li>\n<li>Linha 15<\/li>\n<li>Linha 21<\/li>\n<\/ul>\n<p>Os hor\u00e1rios encontram-se <strong>dispon\u00edveis nos Escrit\u00f3rios da Central de Camionagem<\/strong>, bem como nas nossas plataformas digitais.<\/p>\n<p>Estamos, como sempre, empenhados na qualidade do servi\u00e7o prestado e na satisfa\u00e7\u00e3o dos nossos clientes\/utentes.<\/p>\n<p>Agradecemos desde j\u00e1 a vossa melhor compreens\u00e3o.<\/p>\n<p>Obrigado<\/p>","protected":false},"template":"","meta":{"_acf_changed":false},"class_list":["post-206","aviso","type-aviso","status-publish","hentry"],"acf":[],"_links":{"self":[{"href":"https:\/\/berrelhas.pt\/berrelhas\/en\/wp-json\/wp\/v2\/aviso\/206","targetHints":{"allow":["GET"]}}],"collection":[{"href":"https:\/\/berrelhas.pt\/berrelhas\/en\/wp-json\/wp\/v2\/aviso"}],"about":[{"href":"https:\/\/berrelhas.pt\/berrelhas\/en\/wp-json\/wp\/v2\/types\/aviso"}],"wp:attachment":[{"href":"https:\/\/berrelhas.pt\/berrelhas\/en\/wp-json\/wp\/v2\/media?parent=206"}],"curies":[{"name":"wp","href":"https:\/\/api.w.org\/{rel}","templated":true}]}}