{"id":134,"date":"2025-07-15T16:19:24","date_gmt":"2025-07-15T16:19:24","guid":{"rendered":"https:\/\/berrelhas.pt\/berrelhas\/?page_id=134"},"modified":"2025-09-03T13:37:03","modified_gmt":"2025-09-03T13:37:03","slug":"declaracao-de-acessibilidade","status":"publish","type":"page","link":"https:\/\/berrelhas.pt\/berrelhas\/en\/declaracao-de-acessibilidade\/","title":{"rendered":"Accessibility Statement"},"content":{"rendered":"<h2><strong>Compromisso de Acessibilidade<\/strong><\/h2>\n<p><strong>Data da \u00faltima atualiza\u00e7\u00e3o da declara\u00e7\u00e3o:<\/strong> 09\/2025<\/p>\n<p><strong>Berrelhas <\/strong>compromete-se a tornar o seu website acess\u00edvel, de acordo com o Decreto-Lei n.\u00ba 83\/2018, de 19 de outubro, e com o Decreto-Lei n.\u00ba 82\/2022, de 6 de dezembro, que transp\u00f5em para a ordem jur\u00eddica nacional a Diretiva (UE) 2016\/2102 e o Regulamento (UE) 2019\/882, respetivamente.<\/p>\n<h2><strong>Situa\u00e7\u00e3o atual de conformidade<\/strong><\/h2>\n<p>Este website <strong>encontra-se em conformidade<\/strong>\u00a0com os requisitos de acessibilidade constantes do WCAG 2.1 n\u00edvel AA, devido \u00e0s n\u00e3o conformidades listadas abaixo.<\/p>\n<h2><strong>Plano de melhoria cont\u00ednua<\/strong><\/h2>\n<p>O presente website <strong>encontra-se em conformidade com o n\u00edvel AA das WCAG 2.<\/strong>1. Mantemos, no entanto, um compromisso cont\u00ednuo de monitoriza\u00e7\u00e3o e melhoria, acompanhando as atualiza\u00e7\u00f5es das normas de acessibilidade digital, bem como as recomenda\u00e7\u00f5es legais e t\u00e9cnicas que venham a surgir, de forma a garantir uma experi\u00eancia inclusiva e acess\u00edvel para todos os utilizadores.<\/p>\n<h2><strong>Contactos e feedback<\/strong><\/h2>\n<p>Se detetou algum problema de acessibilidade ou pretende reportar uma falha, por favor contacte-nos atrav\u00e9s de:<\/p>\n<ul>\n<li>Email: <a href=\"mailto:geral@berrelhas.pt\" target=\"_blank\" rel=\"noopener\">geral@berrelhas.pt<\/a><\/li>\n<li>Telefone: <a href=\"tel:+351232470500\" target=\"_blank\" rel=\"noopener\">+351 232 470 500<\/a> (Custo para chamada fixa nacional)<\/li>\n<\/ul>\n<h2><strong>Mecanismo de reclama\u00e7\u00e3o<\/strong><\/h2>\n<p>Se n\u00e3o obtiver uma resposta satisfat\u00f3ria no prazo de <strong>30 dias \u00fateis<\/strong>, poder\u00e1 recorrer \u00e0 entidade competente:<\/p>\n<p><strong>Instituto Nacional para a Reabilita\u00e7\u00e3o, I.P.<\/strong><br \/>\nAv. Conde de Valbom, 63 \u2013 1069-178 Lisboa<br \/>\ninr@inr.mtsss.pt<br \/>\n<a href=\"https:\/\/www.inr.pt\">https:\/\/www.inr.pt<\/a><\/p>","protected":false},"excerpt":{"rendered":"<p>Compromisso de Acessibilidade Data da \u00faltima atualiza\u00e7\u00e3o da declara\u00e7\u00e3o: 09\/2025 A Berrelhas compromete-se a tornar o seu website acess\u00edvel, de acordo com o Decreto-Lei n.\u00ba 83\/2018, de 19 de outubro, e com o Decreto-Lei n.\u00ba 82\/2022, de 6 de dezembro, que transp\u00f5em para a ordem jur\u00eddica nacional a Diretiva (UE) 2016\/2102 e o Regulamento (UE) [&hellip;]<\/p>","protected":false},"author":1,"featured_media":0,"parent":0,"menu_order":0,"comment_status":"closed","ping_status":"closed","template":"","meta":{"_acf_changed":false,"footnotes":""},"class_list":["post-134","page","type-page","status-publish","hentry"],"acf":[],"_links":{"self":[{"href":"https:\/\/berrelhas.pt\/berrelhas\/en\/wp-json\/wp\/v2\/pages\/134","targetHints":{"allow":["GET"]}}],"collection":[{"href":"https:\/\/berrelhas.pt\/berrelhas\/en\/wp-json\/wp\/v2\/pages"}],"about":[{"href":"https:\/\/berrelhas.pt\/berrelhas\/en\/wp-json\/wp\/v2\/types\/page"}],"author":[{"embeddable":true,"href":"https:\/\/berrelhas.pt\/berrelhas\/en\/wp-json\/wp\/v2\/users\/1"}],"replies":[{"embeddable":true,"href":"https:\/\/berrelhas.pt\/berrelhas\/en\/wp-json\/wp\/v2\/comments?post=134"}],"version-history":[{"count":3,"href":"https:\/\/berrelhas.pt\/berrelhas\/en\/wp-json\/wp\/v2\/pages\/134\/revisions"}],"predecessor-version":[{"id":176,"href":"https:\/\/berrelhas.pt\/berrelhas\/en\/wp-json\/wp\/v2\/pages\/134\/revisions\/176"}],"wp:attachment":[{"href":"https:\/\/berrelhas.pt\/berrelhas\/en\/wp-json\/wp\/v2\/media?parent=134"}],"curies":[{"name":"wp","href":"https:\/\/api.w.org\/{rel}","templated":true}]}}